{"id":558,"date":"2023-03-02T14:31:53","date_gmt":"2023-03-02T13:31:53","guid":{"rendered":"https:\/\/zeco.a34.net\/?page_id=558"},"modified":"2025-07-03T15:06:22","modified_gmt":"2025-07-03T13:06:22","slug":"allemagne-2","status":"publish","type":"page","link":"https:\/\/aefe-zeco.net\/en\/les-procedures-de-recrutement\/allemagne-2\/","title":{"rendered":"Germany"},"content":{"rendered":"<div class=\"fusion-fullwidth fullwidth-box fusion-builder-row-1 fusion-flex-container has-pattern-background has-mask-background nonhundred-percent-fullwidth non-hundred-percent-height-scrolling\" style=\"--awb-border-radius-top-left:0px;--awb-border-radius-top-right:0px;--awb-border-radius-bottom-right:0px;--awb-border-radius-bottom-left:0px;--awb-flex-wrap:wrap;\" ><div class=\"fusion-builder-row fusion-row fusion-flex-align-items-flex-start fusion-flex-content-wrap\" style=\"max-width:1248px;margin-left: calc(-4% \/ 2 );margin-right: calc(-4% \/ 2 );\"><div class=\"fusion-layout-column fusion_builder_column fusion-builder-column-0 fusion_builder_column_1_1 1_1 fusion-flex-column\" style=\"--awb-bg-size:cover;--awb-width-large:100%;--awb-margin-top-large:0px;--awb-spacing-right-large:1.92%;--awb-margin-bottom-large:20px;--awb-spacing-left-large:1.92%;--awb-width-medium:100%;--awb-order-medium:0;--awb-spacing-right-medium:1.92%;--awb-spacing-left-medium:1.92%;--awb-width-small:100%;--awb-order-small:0;--awb-spacing-right-small:1.92%;--awb-spacing-left-small:1.92%;\"><div class=\"fusion-column-wrapper fusion-column-has-shadow fusion-flex-justify-content-flex-start fusion-content-layout-column\"><div class=\"fusion-text fusion-text-1\"><p><strong><br \/>\n<\/strong><span style=\"color: #b70d7f;\"><b>The Voltaire School in Berlin <\/b><\/span>recruits :<\/p>\n<p>Multi-skilled auxiliaries (M\/F)<br \/>\nLehrkraft gesucht<br \/>\nFreiwillige gesucht<\/p>\n<p><a href=\"https:\/\/www.ecolevoltaire.de\/-Recrutements-78-\"><span style=\"color: #b70d7f;\"><strong>\u21d2 Find all the job offers at the Voltaire School in Berlin<\/strong><\/span><\/a><\/p>\n<\/div><div class=\"fusion-separator fusion-full-width-sep\" style=\"align-self: center;margin-left: auto;margin-right: auto;width:100%;\"><div class=\"fusion-separator-border sep-single sep-solid\" style=\"--awb-height:20px;--awb-amount:20px;border-color:#e0dede;border-top-width:2px;\"><\/div><\/div><div class=\"fusion-text fusion-text-2\"><p><strong><br \/>\n<\/strong><span style=\"color: #b70d7f;\"><b>The Lyc\u00e9e Fran\u00e7ais de Berlin <\/b><\/span>recruits :<\/p>\n<p>An educational assistant<br \/>\nA communications officer<\/p>\n<p><a href=\"https:\/\/www.fg-berlin.eu\/Travailler-au-lycee-francais\"><span style=\"color: #b70d7f;\"><strong>\u21d2 Find all job offers at the Lyc\u00e9e Fran\u00e7ais de Berlin<\/strong><\/span><\/a><\/p>\n<\/div><div class=\"fusion-separator fusion-full-width-sep\" style=\"align-self: center;margin-left: auto;margin-right: auto;width:100%;\"><div class=\"fusion-separator-border sep-single sep-solid\" style=\"--awb-height:20px;--awb-amount:20px;border-color:#e0dede;border-top-width:2px;\"><\/div><\/div><div class=\"fusion-text fusion-text-3\"><p><strong><br \/>\n<span style=\"color: #5496cc;\">The De Gaulle-Adenauer School in Bonn<\/span><\/strong>\u00a0recruits :<\/p>\n<p>Eine p\u00e4dagogische Fachkraft (m\/w\/d)<\/p>\n<p><a href=\"https:\/\/ecole-bonn.de\/jobs-und-stellenangebote\/\"><span style=\"color: #5496cc;\"><strong>\u21d2 Find all the job offers from the De Gaulle-Adenauer School<\/strong><\/span><\/a><\/p>\n<\/div><div class=\"fusion-separator fusion-full-width-sep\" style=\"align-self: center;margin-left: auto;margin-right: auto;width:100%;\"><div class=\"fusion-separator-border sep-single sep-solid\" style=\"--awb-height:20px;--awb-amount:20px;border-color:#e0dede;border-top-width:2px;\"><\/div><\/div><div class=\"fusion-text fusion-text-4\"><p><strong><br \/>\n<span style=\"color: #5496cc;\">Le<\/span> <span style=\"color: #5496cc;\">Lyc\u00e9e fran\u00e7ais international Simone Veil de D\u00fcsseldorf<\/span><\/strong> recruits :<\/p>\n<p>An accountant<br \/>\nAn American history and geography teacher<br \/>\nA German teacher<br \/>\nAESH staff<br \/>\nA school teacher<br \/>\nA school teacher (certified FLE\/FLSCO)<br \/>\nTwo people to supervise the playground during breaks<br \/>\nASEM (Specialised Nursery School Agent)<br \/>\nTeachers for occasional replacements<\/p>\n<p><span style=\"color: #5496cc;\"><a style=\"color: #5496cc;\" href=\"https:\/\/lfisv.de\/etablissement\/recrutements\"><strong>\u21d2 Find all job offers at the Lyc\u00e9e fran\u00e7ais international de D\u00fcsseldorf<\/strong><\/a><\/span><\/p>\n<\/div><div class=\"fusion-separator fusion-full-width-sep\" style=\"align-self: center;margin-left: auto;margin-right: auto;width:100%;\"><div class=\"fusion-separator-border sep-single sep-solid\" style=\"--awb-height:20px;--awb-amount:20px;border-color:#e0dede;border-top-width:2px;\"><\/div><\/div><div class=\"fusion-text fusion-text-5\"><p><strong><br \/>\n<span style=\"color: #b70d7f;\">The Lyc\u00e9e fran\u00e7ais international <span style=\"color: #b70d7f;\">Victor<\/span> Hugo from Frankfurt<\/span><\/strong> recruits :<\/p>\n<p>Replacement German teachers for the primary schools<br \/>\nReplacement teachers from 1st or 2nd level in all subjects<\/p>\n<p><a href=\"https:\/\/www.lfvh.net\/recrutements\/\"><span style=\"color: #b70d7f;\"><strong>\u21d2 Find all job offers at the Lyc\u00e9e fran\u00e7ais international Victor Hugo de Francfort<\/strong><\/span><\/a><\/p>\n<\/div><div class=\"fusion-separator fusion-full-width-sep\" style=\"align-self: center;margin-left: auto;margin-right: auto;width:100%;\"><div class=\"fusion-separator-border sep-single sep-solid\" style=\"--awb-height:20px;--awb-amount:20px;border-color:#e0dede;border-top-width:2px;\"><\/div><\/div><div class=\"fusion-text fusion-text-6\"><p><strong><br \/>\n<span style=\"color: #5496cc;\">L'<\/span><span style=\"color: #b70d7f;\"><span style=\"color: #5496cc;\">School 92 e.V in Freiburg im Breisgau<\/span><\/span><\/strong> recruits :<\/p>\n<p>A young volunteer<br \/>\nEducators<\/p>\n<p><a href=\"https:\/\/www.ecole92.net\/offres-demploi\/\"><span style=\"color: #5496cc;\"><strong>\u21d2 Find all job vacancies at \u00c9cole 92 e.V in Freiburg im Breisgau<\/strong><\/span><\/a><\/p>\n<\/div><div class=\"fusion-separator fusion-full-width-sep\" style=\"align-self: center;margin-left: auto;margin-right: auto;width:100%;\"><div class=\"fusion-separator-border sep-single sep-solid\" style=\"--awb-height:20px;--awb-amount:20px;border-color:#e0dede;border-top-width:2px;\"><\/div><\/div><div class=\"fusion-text fusion-text-7\"><p><strong><br \/>\n<span style=\"color: #5496cc;\">L'<span style=\"color: #5496cc;\">School<\/span> of Hamburg Antoine de Saint-Exup\u00e9ry<\/span><\/strong> recruits :<\/p>\n<p>Erzieher \/ Sozialp\u00e4dagogischer Assistent \/ P\u00e4dagogische Fachkraft (m,w,d)<br \/>\nInitiativbewerbung<\/p>\n<p><span style=\"color: #5496cc;\"><a style=\"color: #5496cc;\" href=\"https:\/\/efhh.jobs.personio.de\/?language=fr\"><strong>\u21d2 Find all the job offers at the French School of Hamburg Antoine de Saint-Exup\u00e9ry<\/strong><\/a><\/span><\/p>\n<\/div><div class=\"fusion-separator fusion-full-width-sep\" style=\"align-self: center;margin-left: auto;margin-right: auto;width:100%;\"><div class=\"fusion-separator-border sep-single sep-solid\" style=\"--awb-height:20px;--awb-amount:20px;border-color:#e0dede;border-top-width:2px;\"><\/div><\/div><div class=\"fusion-text fusion-text-8\"><p><strong><br \/>\n<span style=\"color: #5496cc;\">The Pierre and Marie Curie School of Heidelberg<\/span><\/strong> recruits :<\/p>\n<p>Erzieher\/in<br \/>\nKinderpfleger\/in<\/p>\n<p><span style=\"color: #5496cc;\"><a style=\"color: #5496cc;\" href=\"https:\/\/ecole.de\/fr\/etablissement\/recrutement\/\"><strong>\u21d2 Find all job offers at the Pierre and Marie Curie School of Heidelberg<\/strong><\/a><\/span><\/p>\n<\/div><div class=\"fusion-separator fusion-full-width-sep\" style=\"align-self: center;margin-left: auto;margin-right: auto;width:100%;\"><div class=\"fusion-separator-border sep-single sep-solid\" style=\"--awb-height:20px;--awb-amount:20px;border-color:#e0dede;border-top-width:2px;\"><\/div><\/div><div class=\"fusion-text fusion-text-9\"><p><strong><br \/>\n<span style=\"color: #b70d7f;\">The Lyc\u00e9e fran\u00e7ais Jean Renoir in Munich<\/span><\/strong><span style=\"color: #b70d7f;\">\u00a0<\/span>recruits :<\/p>\n<p>Kinderpfleger(in)<br \/>\nErzieher(in)<br \/>\nOne Budget Management Assistant F\/H - IRF ZECO<br \/>\nA school nurse<br \/>\nAn educational assistant<br \/>\nAn elementary German teacher<br \/>\nSupervision of lunch break<br \/>\nUnsolicited application<\/p>\n<p><a href=\"https:\/\/www.lycee-jean-renoir.de\/letablissement\/travailler-au-lycee-jean-renoir-2\/\"><span style=\"color: #b70d7f;\"><strong>\u21d2 Find all job offers at the Lyc\u00e9e fran\u00e7ais Jean Renoir in Munich<\/strong><\/span><\/a><\/p>\n<\/div><div class=\"fusion-separator fusion-full-width-sep\" style=\"align-self: center;margin-left: auto;margin-right: auto;width:100%;\"><div class=\"fusion-separator-border sep-single sep-solid\" style=\"--awb-height:20px;--awb-amount:20px;border-color:#e0dede;border-top-width:2px;\"><\/div><\/div><div class=\"fusion-text fusion-text-10\"><p><strong><br \/>\n<span style=\"color: #5496cc;\">The French School of Saarbr\u00fccken and Dillingen<\/span><\/strong> recruits :<\/p>\n<p>A school teacher \/ supply teacher<strong><br \/>\n<\/strong>Staff for the after-school service (replacements)<\/p>\n<p><span style=\"color: #5496cc;\"><a style=\"color: #5496cc;\" href=\"https:\/\/ecolefrancaise.de\/notre-ecole\/recrutement\/\"><strong>\u21d2 Find all the job offers at the French School of Sarrebr\u00fcck and Dillingen<\/strong><\/a><\/span><\/p>\n<\/div><div class=\"fusion-separator fusion-full-width-sep\" style=\"align-self: center;margin-left: auto;margin-right: auto;width:100%;\"><div class=\"fusion-separator-border sep-single sep-solid\" style=\"--awb-height:20px;--awb-amount:20px;border-color:#e0dede;border-top-width:2px;\"><\/div><\/div><div class=\"fusion-text fusion-text-11\"><p><strong><br \/>\n<span style=\"color: #b70d7f;\">The Franco-German School of Saarbr\u00fccken<\/span><\/strong> recruits :<\/p>\n<p>An art teacher<br \/>\nA German teacher<br \/>\nA teacher of modern literature<br \/>\nA science and technology teacher<br \/>\nAll staff for replacements<\/p>\n<p><a href=\"https:\/\/dfg-lfa.org\/fr\/travailler-au-lycee\/les-postes-a-pourvoir\/\"><span style=\"color: #b70d7f;\"><strong>\u21d2 Find all the job offers at the Lyc\u00e9e franco-allemand de Sarrebruck<\/strong><\/span><\/a><\/p>\n<\/div><div class=\"fusion-separator fusion-full-width-sep\" style=\"align-self: center;margin-left: auto;margin-right: auto;width:100%;\"><div class=\"fusion-separator-border sep-single sep-solid\" style=\"--awb-height:20px;--awb-amount:20px;border-color:#e0dede;border-top-width:2px;\"><\/div><\/div><div class=\"fusion-text fusion-text-12\"><p class=\"aio-icon-title ult-responsive\" data-ultimate-target=\"#Info-box-wrap-8215 .aio-icon-title\" data-responsive-json-new=\"{\"><strong><br \/>\n<span style=\"color: #5496cc;\">The Georges Cuvier Franco-German nursery school in Stuttgart <\/span><\/strong>recruits :<\/p>\n<p>FSJ (Freiwilliges Soziales Jahr), BFD (Bundesfreiwilligendienst) or EVS (European Voluntary Service)<\/p>\n<p><a href=\"https:\/\/maternelle-stuttgart.de\/fr\/emplois\/\"><strong><span style=\"color: #5496cc;\">\u21d2 Find all the job offers at the Georges Cuvier Franco-German nursery school in Stuttgart<\/span><\/strong><\/a><\/p>\n<\/div><\/div><\/div><\/div><\/div>","protected":false},"excerpt":{"rendered":"","protected":false},"author":1,"featured_media":0,"parent":193,"menu_order":1,"comment_status":"closed","ping_status":"closed","template":"","meta":{"footnotes":""},"class_list":["post-558","page","type-page","status-publish","hentry"],"_links":{"self":[{"href":"https:\/\/aefe-zeco.net\/en\/wp-json\/wp\/v2\/pages\/558","targetHints":{"allow":["GET"]}}],"collection":[{"href":"https:\/\/aefe-zeco.net\/en\/wp-json\/wp\/v2\/pages"}],"about":[{"href":"https:\/\/aefe-zeco.net\/en\/wp-json\/wp\/v2\/types\/page"}],"author":[{"embeddable":true,"href":"https:\/\/aefe-zeco.net\/en\/wp-json\/wp\/v2\/users\/1"}],"replies":[{"embeddable":true,"href":"https:\/\/aefe-zeco.net\/en\/wp-json\/wp\/v2\/comments?post=558"}],"version-history":[{"count":60,"href":"https:\/\/aefe-zeco.net\/en\/wp-json\/wp\/v2\/pages\/558\/revisions"}],"predecessor-version":[{"id":4458,"href":"https:\/\/aefe-zeco.net\/en\/wp-json\/wp\/v2\/pages\/558\/revisions\/4458"}],"up":[{"embeddable":true,"href":"https:\/\/aefe-zeco.net\/en\/wp-json\/wp\/v2\/pages\/193"}],"wp:attachment":[{"href":"https:\/\/aefe-zeco.net\/en\/wp-json\/wp\/v2\/media?parent=558"}],"curies":[{"name":"wp","href":"https:\/\/api.w.org\/{rel}","templated":true}]}}