{"id":1507,"date":"2023-09-22T09:35:23","date_gmt":"2023-09-22T07:35:23","guid":{"rendered":"https:\/\/aefe-zeco.net\/?page_id=1507"},"modified":"2025-03-21T16:33:50","modified_gmt":"2025-03-21T15:33:50","slug":"concours-photo-zeco","status":"publish","type":"page","link":"https:\/\/aefe-zeco.net\/de\/concours-photo-zeco\/","title":{"rendered":"ZECO 2023-2024 Fotowettbewerb"},"content":{"rendered":"<p><div class=\"fusion-fullwidth fullwidth-box fusion-builder-row-1 fusion-flex-container has-pattern-background has-mask-background nonhundred-percent-fullwidth non-hundred-percent-height-scrolling\" style=\"--awb-border-radius-top-left:0px;--awb-border-radius-top-right:0px;--awb-border-radius-bottom-right:0px;--awb-border-radius-bottom-left:0px;--awb-flex-wrap:wrap;\" ><div class=\"fusion-builder-row fusion-row fusion-flex-align-items-flex-start fusion-flex-content-wrap\" style=\"max-width:1248px;margin-left: calc(-4% \/ 2 );margin-right: calc(-4% \/ 2 );\"><div class=\"fusion-layout-column fusion_builder_column fusion-builder-column-0 fusion_builder_column_2_3 2_3 fusion-flex-column\" style=\"--awb-bg-size:cover;--awb-width-large:66.666666666667%;--awb-margin-top-large:0px;--awb-spacing-right-large:2.88%;--awb-margin-bottom-large:20px;--awb-spacing-left-large:2.88%;--awb-width-medium:100%;--awb-order-medium:0;--awb-spacing-right-medium:1.92%;--awb-spacing-left-medium:1.92%;--awb-width-small:100%;--awb-order-small:0;--awb-spacing-right-small:1.92%;--awb-spacing-left-small:1.92%;\"><div class=\"fusion-column-wrapper fusion-column-has-shadow fusion-flex-justify-content-flex-start fusion-content-layout-column\"><div class=\"fusion-text fusion-text-1\"><p><span style=\"color: #b70e7f;\"><strong>\ud83d\udcf7 Die Zone Mittel- und Osteuropa der AEFE organisiert einen Fotowettbewerb, an dem alle Sch\u00fclerinnen und Sch\u00fcler von der vierten Klasse bis zur Oberstufe teilnehmen k\u00f6nnen. Der Wettbewerb findet von September bis Mitte Dezember 2023 statt.<br \/>\n<\/strong><\/span><\/p>\n<hr \/>\n<p>Die <strong>Olympische und Paralympische Spiele<\/strong>\u00a0finden statt in <strong>Paris im Jahr 2024<\/strong>. In Verbindung mit diesem Gro\u00dfereignis wird das Thema Schulsport im Mittelpunkt der von der AEFE getragenen Veranstaltungen in diesem Jahr stehen.<\/p>\n<p>Die Fotos f\u00fcr den Wettbewerb haben das allgemeine Thema <strong>Schulsport<\/strong>Die Sch\u00fclerinnen und Sch\u00fcler werden in der Regel nach Altersgruppen unterteilt:<br \/>\n- <strong>Die Farben des Sports <\/strong>f\u00fcr den Zyklus 3 (4., 5. und 6. Klasse)<br \/>\n- <strong>Sport durch einen Rahmen<\/strong>\u00a0(der Rahmen kann von beliebiger Art und\/oder Form sein) f\u00fcr Zyklus 4 (5., 4. und 3. Klasse)<br \/>\n- <strong>Die Poesie des Sports<\/strong>\u00a0f\u00fcr das Gymnasium (2ndes, 1\u00e8res und Terminales)<\/p>\n<p>Finden Sie <strong><a href=\"https:\/\/aefe-zeco.net\/wp-content\/uploads\/2023\/09\/Concours-photo-ZECO-Reglement.pdf\">hier<\/a><\/strong> die Regeln des Fotowettbewerbs.<\/p>\n<\/div><\/div><\/div><div class=\"fusion-layout-column fusion_builder_column fusion-builder-column-1 fusion_builder_column_1_3 1_3 fusion-flex-column\" style=\"--awb-bg-size:cover;--awb-width-large:33.333333333333%;--awb-margin-top-large:0px;--awb-spacing-right-large:5.76%;--awb-margin-bottom-large:20px;--awb-spacing-left-large:5.76%;--awb-width-medium:100%;--awb-order-medium:0;--awb-spacing-right-medium:1.92%;--awb-spacing-left-medium:1.92%;--awb-width-small:100%;--awb-order-small:0;--awb-spacing-right-small:1.92%;--awb-spacing-left-small:1.92%;\"><div class=\"fusion-column-wrapper fusion-column-has-shadow fusion-flex-justify-content-flex-start fusion-content-layout-column\"><div class=\"fusion-image-element\" style=\"--awb-caption-title-font-family:var(--h2_typography-font-family);--awb-caption-title-font-weight:var(--h2_typography-font-weight);--awb-caption-title-font-style:var(--h2_typography-font-style);--awb-caption-title-size:var(--h2_typography-font-size);--awb-caption-title-transform:var(--h2_typography-text-transform);--awb-caption-title-line-height:var(--h2_typography-line-height);--awb-caption-title-letter-spacing:var(--h2_typography-letter-spacing);\"><span class=\"fusion-imageframe imageframe-none imageframe-1 hover-type-none\"><img decoding=\"async\" width=\"1414\" height=\"2000\" title=\"A3-Poster ZECO&#039; Fotowettbewerb\" src=\"https:\/\/aefe-zeco.net\/wp-content\/uploads\/2023\/09\/Affiche-A3-Concours-photo-ZECO.png\" data-orig-src=\"https:\/\/aefe-zeco.net\/wp-content\/uploads\/2023\/09\/Affiche-A3-Concours-photo-ZECO.png\" alt class=\"lazyload img-responsive wp-image-1504\" srcset=\"data:image\/svg+xml,%3Csvg%20xmlns%3D%27http%3A%2F%2Fwww.w3.org%2F2000%2Fsvg%27%20width%3D%271414%27%20height%3D%272000%27%20viewBox%3D%270%200%201414%202000%27%3E%3Crect%20width%3D%271414%27%20height%3D%272000%27%20fill-opacity%3D%220%22%2F%3E%3C%2Fsvg%3E\" data-srcset=\"https:\/\/aefe-zeco.net\/wp-content\/uploads\/2023\/09\/Affiche-A3-Concours-photo-ZECO-200x283.png 200w, https:\/\/aefe-zeco.net\/wp-content\/uploads\/2023\/09\/Affiche-A3-Concours-photo-ZECO-400x566.png 400w, https:\/\/aefe-zeco.net\/wp-content\/uploads\/2023\/09\/Affiche-A3-Concours-photo-ZECO-600x849.png 600w, https:\/\/aefe-zeco.net\/wp-content\/uploads\/2023\/09\/Affiche-A3-Concours-photo-ZECO-800x1132.png 800w, https:\/\/aefe-zeco.net\/wp-content\/uploads\/2023\/09\/Affiche-A3-Concours-photo-ZECO-1200x1697.png 1200w, https:\/\/aefe-zeco.net\/wp-content\/uploads\/2023\/09\/Affiche-A3-Concours-photo-ZECO.png 1414w\" data-sizes=\"auto\" data-orig-sizes=\"(max-width: 1024px) 100vw, (max-width: 640px) 100vw, 400px\" \/><\/span><\/div><\/div><\/div><div class=\"fusion-layout-column fusion_builder_column fusion-builder-column-2 fusion_builder_column_1_1 1_1 fusion-flex-column\" style=\"--awb-bg-size:cover;--awb-width-large:100%;--awb-margin-top-large:0px;--awb-spacing-right-large:1.92%;--awb-margin-bottom-large:20px;--awb-spacing-left-large:1.92%;--awb-width-medium:100%;--awb-order-medium:0;--awb-spacing-right-medium:1.92%;--awb-spacing-left-medium:1.92%;--awb-width-small:100%;--awb-order-small:0;--awb-spacing-right-small:1.92%;--awb-spacing-left-small:1.92%;\"><div class=\"fusion-column-wrapper fusion-column-has-shadow fusion-flex-justify-content-flex-start fusion-content-layout-column\"><div class=\"fusion-separator fusion-full-width-sep\" style=\"align-self: center;margin-left: auto;margin-right: auto;width:100%;\"><div class=\"fusion-separator-border sep-single sep-solid\" style=\"--awb-height:20px;--awb-amount:20px;border-color:#e0dede;border-top-width:3px;\"><\/div><\/div><\/div><\/div><\/div><\/div><div class=\"fusion-fullwidth fullwidth-box fusion-builder-row-2 fusion-flex-container has-pattern-background has-mask-background nonhundred-percent-fullwidth non-hundred-percent-height-scrolling\" style=\"--awb-border-radius-top-left:0px;--awb-border-radius-top-right:0px;--awb-border-radius-bottom-right:0px;--awb-border-radius-bottom-left:0px;--awb-flex-wrap:wrap;\" ><div class=\"fusion-builder-row fusion-row fusion-flex-align-items-flex-start fusion-flex-content-wrap\" style=\"max-width:1248px;margin-left: calc(-4% \/ 2 );margin-right: calc(-4% \/ 2 );\"><div class=\"fusion-layout-column fusion_builder_column fusion-builder-column-3 fusion_builder_column_1_1 1_1 fusion-flex-column\" style=\"--awb-bg-size:cover;--awb-width-large:100%;--awb-margin-top-large:0px;--awb-spacing-right-large:1.92%;--awb-margin-bottom-large:20px;--awb-spacing-left-large:1.92%;--awb-width-medium:100%;--awb-order-medium:0;--awb-spacing-right-medium:1.92%;--awb-spacing-left-medium:1.92%;--awb-width-small:100%;--awb-order-small:0;--awb-spacing-right-small:1.92%;--awb-spacing-left-small:1.92%;\"><div class=\"fusion-column-wrapper fusion-column-has-shadow fusion-flex-justify-content-flex-start fusion-content-layout-column\"><div class=\"fusion-text fusion-text-2\"><p>Nachdem der erste Teil des Wettbewerbs in den Schulen der Zone offiziell beendet ist, hat der zweite Teil begonnen<strong> Montag, 4. Dezember 2023<\/strong> Die Online-Abstimmung, die \u00fcber die Gewinnerfotos der Schulen entscheidet.<br \/>\nDiese Abstimmung erfolgte \u00fcber die Plattform <strong>PollUnit<\/strong> bis <strong>15. Dezember 2023 am Abend<\/strong>. Die Sch\u00fclerinnen und Sch\u00fcler, die Eltern sowie das Personal konnten ihr Lieblingsfoto ausw\u00e4hlen.<br \/>\nDie Gewinner wurden in der darauffolgenden Woche, am 21. Dezember 2023, bekannt gegeben.<strong><a href=\"https:\/\/ljrcloud.lycee-jean-renoir.de\/index.php\/s\/xgbMQpk8KcnAbqR\"> Hier sind sie!<\/a> <\/strong>\ud83c\udfc6<\/p>\n<\/div><div class=\"fusion-separator fusion-full-width-sep\" style=\"align-self: center;margin-left: auto;margin-right: auto;margin-top:10px;margin-bottom:10px;width:100%;\"><\/div><div class=\"awb-gallery-wrapper awb-gallery-wrapper-1 button-span-no\" style=\"--more-btn-alignment:center;\"><div style=\"margin:-7px;--awb-bordersize:0px;\" class=\"fusion-gallery fusion-gallery-container fusion-grid-3 fusion-columns-total-18 fusion-gallery-layout-grid fusion-gallery-1\"><div style=\"padding:7px;\" class=\"fusion-grid-column fusion-gallery-column fusion-gallery-column-3 hover-type-none\"><div class=\"fusion-gallery-image\"><a href=\"https:\/\/aefe-zeco.net\/wp-content\/uploads\/2024\/03\/Titre_PRISE-DeCISIVE-Zurich.jpg\" rel=\"noreferrer\" data-rel=\"iLightbox[gallery_image_1]\" class=\"fusion-lightbox\" target=\"_self\"><img decoding=\"async\" src=\"https:\/\/aefe-zeco.net\/wp-content\/uploads\/2024\/03\/Titre_PRISE-DeCISIVE-Zurich.jpg\" data-orig-src=\"https:\/\/aefe-zeco.net\/wp-content\/uploads\/2024\/03\/Titre_PRISE-DeCISIVE-Zurich.jpg\" width=\"864\" height=\"678\" alt=\"\" title=\"Titel_PRISE-DEZISIVE - Z\u00fcrich\" aria-label=\"Titel_PRISE-DEZISIVE - Z\u00fcrich\" class=\"lazyload img-responsive wp-image-2369\" srcset=\"data:image\/svg+xml,%3Csvg%20xmlns%3D%27http%3A%2F%2Fwww.w3.org%2F2000%2Fsvg%27%20width%3D%27864%27%20height%3D%27678%27%20viewBox%3D%270%200%20864%20678%27%3E%3Crect%20width%3D%27864%27%20height%3D%27678%27%20fill-opacity%3D%220%22%2F%3E%3C%2Fsvg%3E\" data-srcset=\"https:\/\/aefe-zeco.net\/wp-content\/uploads\/2024\/03\/Titre_PRISE-DeCISIVE-Zurich-200x157.jpg 200w, https:\/\/aefe-zeco.net\/wp-content\/uploads\/2024\/03\/Titre_PRISE-DeCISIVE-Zurich-400x314.jpg 400w, https:\/\/aefe-zeco.net\/wp-content\/uploads\/2024\/03\/Titre_PRISE-DeCISIVE-Zurich-600x471.jpg 600w, https:\/\/aefe-zeco.net\/wp-content\/uploads\/2024\/03\/Titre_PRISE-DeCISIVE-Zurich-800x628.jpg 800w, https:\/\/aefe-zeco.net\/wp-content\/uploads\/2024\/03\/Titre_PRISE-DeCISIVE-Zurich.jpg 864w\" data-sizes=\"auto\" data-orig-sizes=\"(min-width: 2200px) 100vw, (min-width: 794px) 395px, (min-width: 717px) 593px, (min-width: 640px) 717px, \" \/><\/a><\/div><\/div><div style=\"padding:7px;\" class=\"fusion-grid-column fusion-gallery-column fusion-gallery-column-3 hover-type-none\"><div class=\"fusion-gallery-image\"><a href=\"https:\/\/aefe-zeco.net\/wp-content\/uploads\/2024\/03\/prix-des-personnels-LFVienne-concours-SPORT-ET-COULEURS.jpg\" rel=\"noreferrer\" data-rel=\"iLightbox[gallery_image_1]\" class=\"fusion-lightbox\" target=\"_self\"><img decoding=\"async\" src=\"https:\/\/aefe-zeco.net\/wp-content\/uploads\/2024\/03\/prix-des-personnels-LFVienne-concours-SPORT-ET-COULEURS.jpg\" data-orig-src=\"https:\/\/aefe-zeco.net\/wp-content\/uploads\/2024\/03\/prix-des-personnels-LFVienne-concours-SPORT-ET-COULEURS.jpg\" width=\"1594\" height=\"1594\" alt=\"\" title=\"Personalpreis LFVienne Wettbewerb SPORT UND FARBEN\" aria-label=\"Personalpreis LFVienne Wettbewerb SPORT UND FARBEN\" class=\"lazyload img-responsive wp-image-2368\" srcset=\"data:image\/svg+xml,%3Csvg%20xmlns%3D%27http%3A%2F%2Fwww.w3.org%2F2000%2Fsvg%27%20width%3D%271594%27%20height%3D%271594%27%20viewBox%3D%270%200%201594%201594%27%3E%3Crect%20width%3D%271594%27%20height%3D%271594%27%20fill-opacity%3D%220%22%2F%3E%3C%2Fsvg%3E\" data-srcset=\"https:\/\/aefe-zeco.net\/wp-content\/uploads\/2024\/03\/prix-des-personnels-LFVienne-concours-SPORT-ET-COULEURS-200x200.jpg 200w, https:\/\/aefe-zeco.net\/wp-content\/uploads\/2024\/03\/prix-des-personnels-LFVienne-concours-SPORT-ET-COULEURS-400x400.jpg 400w, https:\/\/aefe-zeco.net\/wp-content\/uploads\/2024\/03\/prix-des-personnels-LFVienne-concours-SPORT-ET-COULEURS-600x600.jpg 600w, https:\/\/aefe-zeco.net\/wp-content\/uploads\/2024\/03\/prix-des-personnels-LFVienne-concours-SPORT-ET-COULEURS-800x800.jpg 800w, https:\/\/aefe-zeco.net\/wp-content\/uploads\/2024\/03\/prix-des-personnels-LFVienne-concours-SPORT-ET-COULEURS-1200x1200.jpg 1200w, https:\/\/aefe-zeco.net\/wp-content\/uploads\/2024\/03\/prix-des-personnels-LFVienne-concours-SPORT-ET-COULEURS.jpg 1594w\" data-sizes=\"auto\" data-orig-sizes=\"(min-width: 2200px) 100vw, (min-width: 794px) 395px, (min-width: 717px) 593px, (min-width: 640px) 717px, \" \/><\/a><\/div><\/div><div style=\"padding:7px;\" class=\"fusion-grid-column fusion-gallery-column fusion-gallery-column-3 hover-type-none\"><div class=\"fusion-gallery-image\"><a href=\"https:\/\/aefe-zeco.net\/wp-content\/uploads\/2024\/03\/Le-saut-du-chevalier-Ecole-Fribourg.jpg\" rel=\"noreferrer\" data-rel=\"iLightbox[gallery_image_1]\" class=\"fusion-lightbox\" target=\"_self\"><img decoding=\"async\" src=\"https:\/\/aefe-zeco.net\/wp-content\/uploads\/2024\/03\/Le-saut-du-chevalier-Ecole-Fribourg.jpg\" data-orig-src=\"https:\/\/aefe-zeco.net\/wp-content\/uploads\/2024\/03\/Le-saut-du-chevalier-Ecole-Fribourg.jpg\" width=\"1236\" height=\"960\" alt=\"\" title=\"Der Sprung des Ritters - Schule Freiburg\" aria-label=\"Der Sprung des Ritters - Schule Freiburg\" class=\"lazyload img-responsive wp-image-2366\" srcset=\"data:image\/svg+xml,%3Csvg%20xmlns%3D%27http%3A%2F%2Fwww.w3.org%2F2000%2Fsvg%27%20width%3D%271236%27%20height%3D%27960%27%20viewBox%3D%270%200%201236%20960%27%3E%3Crect%20width%3D%271236%27%20height%3D%27960%27%20fill-opacity%3D%220%22%2F%3E%3C%2Fsvg%3E\" data-srcset=\"https:\/\/aefe-zeco.net\/wp-content\/uploads\/2024\/03\/Le-saut-du-chevalier-Ecole-Fribourg-200x155.jpg 200w, https:\/\/aefe-zeco.net\/wp-content\/uploads\/2024\/03\/Le-saut-du-chevalier-Ecole-Fribourg-400x311.jpg 400w, https:\/\/aefe-zeco.net\/wp-content\/uploads\/2024\/03\/Le-saut-du-chevalier-Ecole-Fribourg-600x466.jpg 600w, https:\/\/aefe-zeco.net\/wp-content\/uploads\/2024\/03\/Le-saut-du-chevalier-Ecole-Fribourg-800x621.jpg 800w, https:\/\/aefe-zeco.net\/wp-content\/uploads\/2024\/03\/Le-saut-du-chevalier-Ecole-Fribourg-1200x932.jpg 1200w, https:\/\/aefe-zeco.net\/wp-content\/uploads\/2024\/03\/Le-saut-du-chevalier-Ecole-Fribourg.jpg 1236w\" data-sizes=\"auto\" data-orig-sizes=\"(min-width: 2200px) 100vw, (min-width: 794px) 395px, (min-width: 717px) 593px, (min-width: 640px) 717px, \" \/><\/a><\/div><\/div><div class=\"clearfix\"><\/div><div style=\"padding:7px;\" class=\"fusion-grid-column fusion-gallery-column fusion-gallery-column-3 hover-type-none\"><div class=\"fusion-gallery-image\"><a href=\"https:\/\/aefe-zeco.net\/wp-content\/uploads\/2024\/03\/La-sprinteuse-inarretable-Heidelberg.jpg\" rel=\"noreferrer\" data-rel=\"iLightbox[gallery_image_1]\" class=\"fusion-lightbox\" target=\"_self\"><img decoding=\"async\" src=\"https:\/\/aefe-zeco.net\/wp-content\/uploads\/2024\/03\/La-sprinteuse-inarretable-Heidelberg.jpg\" data-orig-src=\"https:\/\/aefe-zeco.net\/wp-content\/uploads\/2024\/03\/La-sprinteuse-inarretable-Heidelberg.jpg\" width=\"1627\" height=\"1084\" alt=\"\" title=\"Die unaufhaltsame Sprinterin - Heidelberg\" aria-label=\"Die unaufhaltsame Sprinterin - Heidelberg\" class=\"lazyload img-responsive wp-image-2359\" srcset=\"data:image\/svg+xml,%3Csvg%20xmlns%3D%27http%3A%2F%2Fwww.w3.org%2F2000%2Fsvg%27%20width%3D%271627%27%20height%3D%271084%27%20viewBox%3D%270%200%201627%201084%27%3E%3Crect%20width%3D%271627%27%20height%3D%271084%27%20fill-opacity%3D%220%22%2F%3E%3C%2Fsvg%3E\" data-srcset=\"https:\/\/aefe-zeco.net\/wp-content\/uploads\/2024\/03\/La-sprinteuse-inarretable-Heidelberg-200x133.jpg 200w, https:\/\/aefe-zeco.net\/wp-content\/uploads\/2024\/03\/La-sprinteuse-inarretable-Heidelberg-400x267.jpg 400w, https:\/\/aefe-zeco.net\/wp-content\/uploads\/2024\/03\/La-sprinteuse-inarretable-Heidelberg-600x400.jpg 600w, https:\/\/aefe-zeco.net\/wp-content\/uploads\/2024\/03\/La-sprinteuse-inarretable-Heidelberg-800x533.jpg 800w, https:\/\/aefe-zeco.net\/wp-content\/uploads\/2024\/03\/La-sprinteuse-inarretable-Heidelberg-1200x800.jpg 1200w, https:\/\/aefe-zeco.net\/wp-content\/uploads\/2024\/03\/La-sprinteuse-inarretable-Heidelberg.jpg 1627w\" data-sizes=\"auto\" data-orig-sizes=\"(min-width: 2200px) 100vw, (min-width: 794px) 395px, (min-width: 717px) 593px, (min-width: 640px) 717px, \" \/><\/a><\/div><\/div><div style=\"padding:7px;\" class=\"fusion-grid-column fusion-gallery-column fusion-gallery-column-3 hover-type-none\"><div class=\"fusion-gallery-image\"><a href=\"https:\/\/aefe-zeco.net\/wp-content\/uploads\/2024\/03\/Titre_LES-COULEURS-DU-CIEL-Zurich-scaled.jpeg\" rel=\"noreferrer\" data-rel=\"iLightbox[gallery_image_1]\" class=\"fusion-lightbox\" target=\"_self\"><img decoding=\"async\" src=\"https:\/\/aefe-zeco.net\/wp-content\/uploads\/2024\/03\/Titre_LES-COULEURS-DU-CIEL-Zurich-scaled.jpeg\" data-orig-src=\"https:\/\/aefe-zeco.net\/wp-content\/uploads\/2024\/03\/Titre_LES-COULEURS-DU-CIEL-Zurich-scaled.jpeg\" width=\"2000\" height=\"2000\" alt=\"\" title=\"Titel_LES-COULEURS-DU DU CIEL - Z\u00fcrich\" aria-label=\"Titel_LES-COULEURS-DU DU CIEL - Z\u00fcrich\" class=\"lazyload img-responsive wp-image-2361\" srcset=\"data:image\/svg+xml,%3Csvg%20xmlns%3D%27http%3A%2F%2Fwww.w3.org%2F2000%2Fsvg%27%20width%3D%272000%27%20height%3D%272000%27%20viewBox%3D%270%200%202000%202000%27%3E%3Crect%20width%3D%272000%27%20height%3D%272000%27%20fill-opacity%3D%220%22%2F%3E%3C%2Fsvg%3E\" data-srcset=\"https:\/\/aefe-zeco.net\/wp-content\/uploads\/2024\/03\/Titre_LES-COULEURS-DU-CIEL-Zurich-200x200.jpeg 200w, https:\/\/aefe-zeco.net\/wp-content\/uploads\/2024\/03\/Titre_LES-COULEURS-DU-CIEL-Zurich-400x400.jpeg 400w, https:\/\/aefe-zeco.net\/wp-content\/uploads\/2024\/03\/Titre_LES-COULEURS-DU-CIEL-Zurich-600x600.jpeg 600w, https:\/\/aefe-zeco.net\/wp-content\/uploads\/2024\/03\/Titre_LES-COULEURS-DU-CIEL-Zurich-800x800.jpeg 800w, https:\/\/aefe-zeco.net\/wp-content\/uploads\/2024\/03\/Titre_LES-COULEURS-DU-CIEL-Zurich-1200x1200.jpeg 1200w, https:\/\/aefe-zeco.net\/wp-content\/uploads\/2024\/03\/Titre_LES-COULEURS-DU-CIEL-Zurich-scaled.jpeg 2000w\" data-sizes=\"auto\" data-orig-sizes=\"(min-width: 2200px) 100vw, (min-width: 794px) 395px, (min-width: 717px) 593px, (min-width: 640px) 717px, \" \/><\/a><\/div><\/div><div style=\"padding:7px;\" class=\"fusion-grid-column fusion-gallery-column fusion-gallery-column-3 hover-type-none\"><div class=\"fusion-gallery-image\"><a href=\"https:\/\/aefe-zeco.net\/wp-content\/uploads\/2024\/03\/Souplesse-Equilibree-Photo-prise-par-Malshi-Minrada-AHANGAMAGE-Armenie-scaled.jpg\" rel=\"noreferrer\" data-rel=\"iLightbox[gallery_image_1]\" class=\"fusion-lightbox\" target=\"_self\"><img decoding=\"async\" src=\"https:\/\/aefe-zeco.net\/wp-content\/uploads\/2024\/03\/Souplesse-Equilibree-Photo-prise-par-Malshi-Minrada-AHANGAMAGE-Armenie-scaled.jpg\" data-orig-src=\"https:\/\/aefe-zeco.net\/wp-content\/uploads\/2024\/03\/Souplesse-Equilibree-Photo-prise-par-Malshi-Minrada-AHANGAMAGE-Armenie-scaled.jpg\" width=\"1500\" height=\"2000\" alt=\"\" title=\"Ausgeglichene Geschmeidigkeit- Foto aufgenommen von Malshi Minrada AHANGAMAGE - Armenien\" aria-label=\"Ausgeglichene Geschmeidigkeit- Foto aufgenommen von Malshi Minrada AHANGAMAGE - Armenien\" class=\"lazyload img-responsive wp-image-2360\" srcset=\"data:image\/svg+xml,%3Csvg%20xmlns%3D%27http%3A%2F%2Fwww.w3.org%2F2000%2Fsvg%27%20width%3D%271500%27%20height%3D%272000%27%20viewBox%3D%270%200%201500%202000%27%3E%3Crect%20width%3D%271500%27%20height%3D%272000%27%20fill-opacity%3D%220%22%2F%3E%3C%2Fsvg%3E\" data-srcset=\"https:\/\/aefe-zeco.net\/wp-content\/uploads\/2024\/03\/Souplesse-Equilibree-Photo-prise-par-Malshi-Minrada-AHANGAMAGE-Armenie-200x267.jpg 200w, https:\/\/aefe-zeco.net\/wp-content\/uploads\/2024\/03\/Souplesse-Equilibree-Photo-prise-par-Malshi-Minrada-AHANGAMAGE-Armenie-400x533.jpg 400w, https:\/\/aefe-zeco.net\/wp-content\/uploads\/2024\/03\/Souplesse-Equilibree-Photo-prise-par-Malshi-Minrada-AHANGAMAGE-Armenie-600x800.jpg 600w, https:\/\/aefe-zeco.net\/wp-content\/uploads\/2024\/03\/Souplesse-Equilibree-Photo-prise-par-Malshi-Minrada-AHANGAMAGE-Armenie-800x1067.jpg 800w, https:\/\/aefe-zeco.net\/wp-content\/uploads\/2024\/03\/Souplesse-Equilibree-Photo-prise-par-Malshi-Minrada-AHANGAMAGE-Armenie-1200x1600.jpg 1200w, https:\/\/aefe-zeco.net\/wp-content\/uploads\/2024\/03\/Souplesse-Equilibree-Photo-prise-par-Malshi-Minrada-AHANGAMAGE-Armenie-scaled.jpg 1500w\" data-sizes=\"auto\" data-orig-sizes=\"(min-width: 2200px) 100vw, (min-width: 794px) 395px, (min-width: 717px) 593px, (min-width: 640px) 717px, \" \/><\/a><\/div><\/div><div class=\"clearfix\"><\/div><div style=\"padding:7px;\" class=\"fusion-grid-column fusion-gallery-column fusion-gallery-column-3 hover-type-none\"><div class=\"fusion-gallery-image\"><a href=\"https:\/\/aefe-zeco.net\/wp-content\/uploads\/2024\/03\/Vertigo-Vilnius-scaled.jpg\" rel=\"noreferrer\" data-rel=\"iLightbox[gallery_image_1]\" class=\"fusion-lightbox\" target=\"_self\"><img decoding=\"async\" src=\"https:\/\/aefe-zeco.net\/wp-content\/uploads\/2024\/03\/Vertigo-Vilnius-scaled.jpg\" data-orig-src=\"https:\/\/aefe-zeco.net\/wp-content\/uploads\/2024\/03\/Vertigo-Vilnius-scaled.jpg\" width=\"1500\" height=\"2000\" alt=\"\" title=\"Vertigo - Vilnius\" aria-label=\"Vertigo - Vilnius\" class=\"lazyload img-responsive wp-image-2356\" srcset=\"data:image\/svg+xml,%3Csvg%20xmlns%3D%27http%3A%2F%2Fwww.w3.org%2F2000%2Fsvg%27%20width%3D%271500%27%20height%3D%272000%27%20viewBox%3D%270%200%201500%202000%27%3E%3Crect%20width%3D%271500%27%20height%3D%272000%27%20fill-opacity%3D%220%22%2F%3E%3C%2Fsvg%3E\" data-srcset=\"https:\/\/aefe-zeco.net\/wp-content\/uploads\/2024\/03\/Vertigo-Vilnius-200x267.jpg 200w, https:\/\/aefe-zeco.net\/wp-content\/uploads\/2024\/03\/Vertigo-Vilnius-400x533.jpg 400w, https:\/\/aefe-zeco.net\/wp-content\/uploads\/2024\/03\/Vertigo-Vilnius-600x800.jpg 600w, https:\/\/aefe-zeco.net\/wp-content\/uploads\/2024\/03\/Vertigo-Vilnius-800x1067.jpg 800w, https:\/\/aefe-zeco.net\/wp-content\/uploads\/2024\/03\/Vertigo-Vilnius-1200x1600.jpg 1200w, https:\/\/aefe-zeco.net\/wp-content\/uploads\/2024\/03\/Vertigo-Vilnius-scaled.jpg 1500w\" data-sizes=\"auto\" data-orig-sizes=\"(min-width: 2200px) 100vw, (min-width: 794px) 395px, (min-width: 717px) 593px, (min-width: 640px) 717px, \" \/><\/a><\/div><\/div><div style=\"padding:7px;\" class=\"fusion-grid-column fusion-gallery-column fusion-gallery-column-3 hover-type-none\"><div class=\"fusion-gallery-image\"><a href=\"https:\/\/aefe-zeco.net\/wp-content\/uploads\/2024\/03\/F-Sport-et-cadre-Kaja-Beverly-Matous3e-_Ouvert-sur-le-Ballet_-Prague-scaled.jpeg\" rel=\"noreferrer\" data-rel=\"iLightbox[gallery_image_1]\" class=\"fusion-lightbox\" target=\"_self\"><img decoding=\"async\" src=\"https:\/\/aefe-zeco.net\/wp-content\/uploads\/2024\/03\/F-Sport-et-cadre-Kaja-Beverly-Matous3e-_Ouvert-sur-le-Ballet_-Prague-scaled.jpeg\" data-orig-src=\"https:\/\/aefe-zeco.net\/wp-content\/uploads\/2024\/03\/F-Sport-et-cadre-Kaja-Beverly-Matous3e-_Ouvert-sur-le-Ballet_-Prague-scaled.jpeg\" width=\"1487\" height=\"2000\" alt=\"\" title=\"F Sport und Rahmen, Kaja Beverly Matous(3.) _Ouvert sur le Ballet_ Prague\" aria-label=\"F Sport und Rahmen, Kaja Beverly Matous(3.) _Ouvert sur le Ballet_ Prague\" class=\"lazyload img-responsive wp-image-2355\" srcset=\"data:image\/svg+xml,%3Csvg%20xmlns%3D%27http%3A%2F%2Fwww.w3.org%2F2000%2Fsvg%27%20width%3D%271487%27%20height%3D%272000%27%20viewBox%3D%270%200%201487%202000%27%3E%3Crect%20width%3D%271487%27%20height%3D%272000%27%20fill-opacity%3D%220%22%2F%3E%3C%2Fsvg%3E\" data-srcset=\"https:\/\/aefe-zeco.net\/wp-content\/uploads\/2024\/03\/F-Sport-et-cadre-Kaja-Beverly-Matous3e-_Ouvert-sur-le-Ballet_-Prague-200x269.jpeg 200w, https:\/\/aefe-zeco.net\/wp-content\/uploads\/2024\/03\/F-Sport-et-cadre-Kaja-Beverly-Matous3e-_Ouvert-sur-le-Ballet_-Prague-400x538.jpeg 400w, https:\/\/aefe-zeco.net\/wp-content\/uploads\/2024\/03\/F-Sport-et-cadre-Kaja-Beverly-Matous3e-_Ouvert-sur-le-Ballet_-Prague-600x807.jpeg 600w, https:\/\/aefe-zeco.net\/wp-content\/uploads\/2024\/03\/F-Sport-et-cadre-Kaja-Beverly-Matous3e-_Ouvert-sur-le-Ballet_-Prague-800x1076.jpeg 800w, https:\/\/aefe-zeco.net\/wp-content\/uploads\/2024\/03\/F-Sport-et-cadre-Kaja-Beverly-Matous3e-_Ouvert-sur-le-Ballet_-Prague-1200x1613.jpeg 1200w, https:\/\/aefe-zeco.net\/wp-content\/uploads\/2024\/03\/F-Sport-et-cadre-Kaja-Beverly-Matous3e-_Ouvert-sur-le-Ballet_-Prague-scaled.jpeg 1487w\" data-sizes=\"auto\" data-orig-sizes=\"(min-width: 2200px) 100vw, (min-width: 794px) 395px, (min-width: 717px) 593px, (min-width: 640px) 717px, \" \/><\/a><\/div><\/div><div style=\"padding:7px;\" class=\"fusion-grid-column fusion-gallery-column fusion-gallery-column-3 hover-type-none\"><div class=\"fusion-gallery-image\"><a href=\"https:\/\/aefe-zeco.net\/wp-content\/uploads\/2024\/03\/Le-filet-vert-Malo-Esch-5\u00b04-Zurich-scaled.jpeg\" rel=\"noreferrer\" data-rel=\"iLightbox[gallery_image_1]\" class=\"fusion-lightbox\" target=\"_self\"><img decoding=\"async\" src=\"https:\/\/aefe-zeco.net\/wp-content\/uploads\/2024\/03\/Le-filet-vert-Malo-Esch-5\u00b04-Zurich-scaled.jpeg\" data-orig-src=\"https:\/\/aefe-zeco.net\/wp-content\/uploads\/2024\/03\/Le-filet-vert-Malo-Esch-5\u00b04-Zurich-scaled.jpeg\" width=\"2000\" height=\"1500\" alt=\"\" title=\"Das gr\u00fcne Netz -Malo Esch 5\u00b04 - Z\u00fcrich\" aria-label=\"Das gr\u00fcne Netz -Malo Esch 5\u00b04 - Z\u00fcrich\" class=\"lazyload img-responsive wp-image-2354\" srcset=\"data:image\/svg+xml,%3Csvg%20xmlns%3D%27http%3A%2F%2Fwww.w3.org%2F2000%2Fsvg%27%20width%3D%272000%27%20height%3D%271500%27%20viewBox%3D%270%200%202000%201500%27%3E%3Crect%20width%3D%272000%27%20height%3D%271500%27%20fill-opacity%3D%220%22%2F%3E%3C%2Fsvg%3E\" data-srcset=\"https:\/\/aefe-zeco.net\/wp-content\/uploads\/2024\/03\/Le-filet-vert-Malo-Esch-5\u00b04-Zurich-200x150.jpeg 200w, https:\/\/aefe-zeco.net\/wp-content\/uploads\/2024\/03\/Le-filet-vert-Malo-Esch-5\u00b04-Zurich-400x300.jpeg 400w, https:\/\/aefe-zeco.net\/wp-content\/uploads\/2024\/03\/Le-filet-vert-Malo-Esch-5\u00b04-Zurich-600x450.jpeg 600w, https:\/\/aefe-zeco.net\/wp-content\/uploads\/2024\/03\/Le-filet-vert-Malo-Esch-5\u00b04-Zurich-800x600.jpeg 800w, https:\/\/aefe-zeco.net\/wp-content\/uploads\/2024\/03\/Le-filet-vert-Malo-Esch-5\u00b04-Zurich-1200x900.jpeg 1200w, https:\/\/aefe-zeco.net\/wp-content\/uploads\/2024\/03\/Le-filet-vert-Malo-Esch-5\u00b04-Zurich-scaled.jpeg 2000w\" data-sizes=\"auto\" data-orig-sizes=\"(min-width: 2200px) 100vw, (min-width: 794px) 395px, (min-width: 717px) 593px, (min-width: 640px) 717px, \" \/><\/a><\/div><\/div><div class=\"clearfix\"><\/div><div style=\"padding:7px;\" class=\"fusion-grid-column fusion-gallery-column fusion-gallery-column-3 hover-type-none\"><div class=\"fusion-gallery-image\"><a href=\"https:\/\/aefe-zeco.net\/wp-content\/uploads\/2024\/03\/But-Sportif-Photo-prise-par-Meline-ARSHAKYAN-Armenie-scaled.jpg\" rel=\"noreferrer\" data-rel=\"iLightbox[gallery_image_1]\" class=\"fusion-lightbox\" target=\"_self\"><img decoding=\"async\" src=\"https:\/\/aefe-zeco.net\/wp-content\/uploads\/2024\/03\/But-Sportif-Photo-prise-par-Meline-ARSHAKYAN-Armenie-scaled.jpg\" data-orig-src=\"https:\/\/aefe-zeco.net\/wp-content\/uploads\/2024\/03\/But-Sportif-Photo-prise-par-Meline-ARSHAKYAN-Armenie-scaled.jpg\" width=\"1500\" height=\"2000\" alt=\"\" title=\"But Sportif- Foto aufgenommen von Meline ARSHAKYAN -Armenien\" aria-label=\"But Sportif- Foto aufgenommen von Meline ARSHAKYAN -Armenien\" class=\"lazyload img-responsive wp-image-2367\" srcset=\"data:image\/svg+xml,%3Csvg%20xmlns%3D%27http%3A%2F%2Fwww.w3.org%2F2000%2Fsvg%27%20width%3D%271500%27%20height%3D%272000%27%20viewBox%3D%270%200%201500%202000%27%3E%3Crect%20width%3D%271500%27%20height%3D%272000%27%20fill-opacity%3D%220%22%2F%3E%3C%2Fsvg%3E\" data-srcset=\"https:\/\/aefe-zeco.net\/wp-content\/uploads\/2024\/03\/But-Sportif-Photo-prise-par-Meline-ARSHAKYAN-Armenie-200x267.jpg 200w, https:\/\/aefe-zeco.net\/wp-content\/uploads\/2024\/03\/But-Sportif-Photo-prise-par-Meline-ARSHAKYAN-Armenie-400x533.jpg 400w, https:\/\/aefe-zeco.net\/wp-content\/uploads\/2024\/03\/But-Sportif-Photo-prise-par-Meline-ARSHAKYAN-Armenie-600x800.jpg 600w, https:\/\/aefe-zeco.net\/wp-content\/uploads\/2024\/03\/But-Sportif-Photo-prise-par-Meline-ARSHAKYAN-Armenie-800x1067.jpg 800w, https:\/\/aefe-zeco.net\/wp-content\/uploads\/2024\/03\/But-Sportif-Photo-prise-par-Meline-ARSHAKYAN-Armenie-1200x1600.jpg 1200w, https:\/\/aefe-zeco.net\/wp-content\/uploads\/2024\/03\/But-Sportif-Photo-prise-par-Meline-ARSHAKYAN-Armenie-scaled.jpg 1500w\" data-sizes=\"auto\" data-orig-sizes=\"(min-width: 2200px) 100vw, (min-width: 794px) 395px, (min-width: 717px) 593px, (min-width: 640px) 717px, \" \/><\/a><\/div><\/div><div style=\"padding:7px;\" class=\"fusion-grid-column fusion-gallery-column fusion-gallery-column-3 hover-type-none\"><div class=\"fusion-gallery-image\"><a href=\"https:\/\/aefe-zeco.net\/wp-content\/uploads\/2024\/03\/B-Sport-et-cadreBrune-Bonnardel-3e-__Prague-matinale__Prague-scaled.jpeg\" rel=\"noreferrer\" data-rel=\"iLightbox[gallery_image_1]\" class=\"fusion-lightbox\" target=\"_self\"><img decoding=\"async\" src=\"https:\/\/aefe-zeco.net\/wp-content\/uploads\/2024\/03\/B-Sport-et-cadreBrune-Bonnardel-3e-__Prague-matinale__Prague-scaled.jpeg\" data-orig-src=\"https:\/\/aefe-zeco.net\/wp-content\/uploads\/2024\/03\/B-Sport-et-cadreBrune-Bonnardel-3e-__Prague-matinale__Prague-scaled.jpeg\" width=\"2000\" height=\"1500\" alt=\"\" title=\"B Sport und Rahmen,Brune Bonnardel (3.) __Morgenstund__Prague\" aria-label=\"B Sport und Rahmen,Brune Bonnardel (3.) __Morgenstund__Prague\" class=\"lazyload img-responsive wp-image-2362\" srcset=\"data:image\/svg+xml,%3Csvg%20xmlns%3D%27http%3A%2F%2Fwww.w3.org%2F2000%2Fsvg%27%20width%3D%272000%27%20height%3D%271500%27%20viewBox%3D%270%200%202000%201500%27%3E%3Crect%20width%3D%272000%27%20height%3D%271500%27%20fill-opacity%3D%220%22%2F%3E%3C%2Fsvg%3E\" data-srcset=\"https:\/\/aefe-zeco.net\/wp-content\/uploads\/2024\/03\/B-Sport-et-cadreBrune-Bonnardel-3e-__Prague-matinale__Prague-200x150.jpeg 200w, https:\/\/aefe-zeco.net\/wp-content\/uploads\/2024\/03\/B-Sport-et-cadreBrune-Bonnardel-3e-__Prague-matinale__Prague-400x300.jpeg 400w, https:\/\/aefe-zeco.net\/wp-content\/uploads\/2024\/03\/B-Sport-et-cadreBrune-Bonnardel-3e-__Prague-matinale__Prague-600x450.jpeg 600w, https:\/\/aefe-zeco.net\/wp-content\/uploads\/2024\/03\/B-Sport-et-cadreBrune-Bonnardel-3e-__Prague-matinale__Prague-800x600.jpeg 800w, https:\/\/aefe-zeco.net\/wp-content\/uploads\/2024\/03\/B-Sport-et-cadreBrune-Bonnardel-3e-__Prague-matinale__Prague-1200x900.jpeg 1200w, https:\/\/aefe-zeco.net\/wp-content\/uploads\/2024\/03\/B-Sport-et-cadreBrune-Bonnardel-3e-__Prague-matinale__Prague-scaled.jpeg 2000w\" data-sizes=\"auto\" data-orig-sizes=\"(min-width: 2200px) 100vw, (min-width: 794px) 395px, (min-width: 717px) 593px, (min-width: 640px) 717px, \" \/><\/a><\/div><\/div><div style=\"padding:7px;\" class=\"fusion-grid-column fusion-gallery-column fusion-gallery-column-3 hover-type-none\"><div class=\"fusion-gallery-image\"><a href=\"https:\/\/aefe-zeco.net\/wp-content\/uploads\/2024\/03\/Devouement_-Photo-prise-par-NAUJOKAITYTE-Saule-Armenie.jpg\" rel=\"noreferrer\" data-rel=\"iLightbox[gallery_image_1]\" class=\"fusion-lightbox\" target=\"_self\"><img decoding=\"async\" src=\"https:\/\/aefe-zeco.net\/wp-content\/uploads\/2024\/03\/Devouement_-Photo-prise-par-NAUJOKAITYTE-Saule-Armenie.jpg\" data-orig-src=\"https:\/\/aefe-zeco.net\/wp-content\/uploads\/2024\/03\/Devouement_-Photo-prise-par-NAUJOKAITYTE-Saule-Armenie.jpg\" width=\"707\" height=\"1000\" alt=\"\" title=\"Hingabe_ Foto aufgenommen von NAUJOKAITYTE Weide - Armenien\" aria-label=\"Hingabe_ Foto aufgenommen von NAUJOKAITYTE Weide - Armenien\" class=\"lazyload img-responsive wp-image-2371\" srcset=\"data:image\/svg+xml,%3Csvg%20xmlns%3D%27http%3A%2F%2Fwww.w3.org%2F2000%2Fsvg%27%20width%3D%27707%27%20height%3D%271000%27%20viewBox%3D%270%200%20707%201000%27%3E%3Crect%20width%3D%27707%27%20height%3D%271000%27%20fill-opacity%3D%220%22%2F%3E%3C%2Fsvg%3E\" data-srcset=\"https:\/\/aefe-zeco.net\/wp-content\/uploads\/2024\/03\/Devouement_-Photo-prise-par-NAUJOKAITYTE-Saule-Armenie-200x283.jpg 200w, https:\/\/aefe-zeco.net\/wp-content\/uploads\/2024\/03\/Devouement_-Photo-prise-par-NAUJOKAITYTE-Saule-Armenie-400x566.jpg 400w, https:\/\/aefe-zeco.net\/wp-content\/uploads\/2024\/03\/Devouement_-Photo-prise-par-NAUJOKAITYTE-Saule-Armenie-600x849.jpg 600w, https:\/\/aefe-zeco.net\/wp-content\/uploads\/2024\/03\/Devouement_-Photo-prise-par-NAUJOKAITYTE-Saule-Armenie.jpg 707w\" data-sizes=\"auto\" data-orig-sizes=\"(min-width: 2200px) 100vw, (min-width: 794px) 395px, (min-width: 717px) 593px, (min-width: 640px) 717px, \" \/><\/a><\/div><\/div><div class=\"clearfix\"><\/div><div style=\"padding:7px;\" class=\"fusion-grid-column fusion-gallery-column fusion-gallery-column-3 hover-type-none\"><div class=\"fusion-gallery-image\"><a href=\"https:\/\/aefe-zeco.net\/wp-content\/uploads\/2024\/03\/Rythme-du-sport-Vilnius.jpg\" rel=\"noreferrer\" data-rel=\"iLightbox[gallery_image_1]\" class=\"fusion-lightbox\" target=\"_self\"><img decoding=\"async\" src=\"https:\/\/aefe-zeco.net\/wp-content\/uploads\/2024\/03\/Rythme-du-sport-Vilnius.jpg\" data-orig-src=\"https:\/\/aefe-zeco.net\/wp-content\/uploads\/2024\/03\/Rythme-du-sport-Vilnius.jpg\" width=\"1200\" height=\"1600\" alt=\"\" title=\"Rhythmus des Sports - Vilnius\" aria-label=\"Rhythmus des Sports - Vilnius\" class=\"lazyload img-responsive wp-image-2358\" srcset=\"data:image\/svg+xml,%3Csvg%20xmlns%3D%27http%3A%2F%2Fwww.w3.org%2F2000%2Fsvg%27%20width%3D%271200%27%20height%3D%271600%27%20viewBox%3D%270%200%201200%201600%27%3E%3Crect%20width%3D%271200%27%20height%3D%271600%27%20fill-opacity%3D%220%22%2F%3E%3C%2Fsvg%3E\" data-srcset=\"https:\/\/aefe-zeco.net\/wp-content\/uploads\/2024\/03\/Rythme-du-sport-Vilnius-200x267.jpg 200w, https:\/\/aefe-zeco.net\/wp-content\/uploads\/2024\/03\/Rythme-du-sport-Vilnius-400x533.jpg 400w, https:\/\/aefe-zeco.net\/wp-content\/uploads\/2024\/03\/Rythme-du-sport-Vilnius-600x800.jpg 600w, https:\/\/aefe-zeco.net\/wp-content\/uploads\/2024\/03\/Rythme-du-sport-Vilnius-800x1067.jpg 800w, https:\/\/aefe-zeco.net\/wp-content\/uploads\/2024\/03\/Rythme-du-sport-Vilnius.jpg 1200w\" data-sizes=\"auto\" data-orig-sizes=\"(min-width: 2200px) 100vw, (min-width: 794px) 395px, (min-width: 717px) 593px, (min-width: 640px) 717px, \" \/><\/a><\/div><\/div><div style=\"padding:7px;\" class=\"fusion-grid-column fusion-gallery-column fusion-gallery-column-3 hover-type-none\"><div class=\"fusion-gallery-image\"><a href=\"https:\/\/aefe-zeco.net\/wp-content\/uploads\/2024\/03\/Melodie-de-la-Competition-Photo-prise-par-Alicia-YEDALYAN2nde-Armenie-scaled.jpg\" rel=\"noreferrer\" data-rel=\"iLightbox[gallery_image_1]\" class=\"fusion-lightbox\" target=\"_self\"><img decoding=\"async\" src=\"https:\/\/aefe-zeco.net\/wp-content\/uploads\/2024\/03\/Melodie-de-la-Competition-Photo-prise-par-Alicia-YEDALYAN2nde-Armenie-scaled.jpg\" data-orig-src=\"https:\/\/aefe-zeco.net\/wp-content\/uploads\/2024\/03\/Melodie-de-la-Competition-Photo-prise-par-Alicia-YEDALYAN2nde-Armenie-scaled.jpg\" width=\"1500\" height=\"2000\" alt=\"\" title=\"Wettbewerbsmelodie-Foto aufgenommen von Alicia YEDALYAN(2ndde) - Armenien\" aria-label=\"Wettbewerbsmelodie-Foto aufgenommen von Alicia YEDALYAN(2ndde) - Armenien\" class=\"lazyload img-responsive wp-image-2370\" srcset=\"data:image\/svg+xml,%3Csvg%20xmlns%3D%27http%3A%2F%2Fwww.w3.org%2F2000%2Fsvg%27%20width%3D%271500%27%20height%3D%272000%27%20viewBox%3D%270%200%201500%202000%27%3E%3Crect%20width%3D%271500%27%20height%3D%272000%27%20fill-opacity%3D%220%22%2F%3E%3C%2Fsvg%3E\" data-srcset=\"https:\/\/aefe-zeco.net\/wp-content\/uploads\/2024\/03\/Melodie-de-la-Competition-Photo-prise-par-Alicia-YEDALYAN2nde-Armenie-200x267.jpg 200w, https:\/\/aefe-zeco.net\/wp-content\/uploads\/2024\/03\/Melodie-de-la-Competition-Photo-prise-par-Alicia-YEDALYAN2nde-Armenie-400x533.jpg 400w, https:\/\/aefe-zeco.net\/wp-content\/uploads\/2024\/03\/Melodie-de-la-Competition-Photo-prise-par-Alicia-YEDALYAN2nde-Armenie-600x800.jpg 600w, https:\/\/aefe-zeco.net\/wp-content\/uploads\/2024\/03\/Melodie-de-la-Competition-Photo-prise-par-Alicia-YEDALYAN2nde-Armenie-800x1067.jpg 800w, https:\/\/aefe-zeco.net\/wp-content\/uploads\/2024\/03\/Melodie-de-la-Competition-Photo-prise-par-Alicia-YEDALYAN2nde-Armenie-1200x1600.jpg 1200w, https:\/\/aefe-zeco.net\/wp-content\/uploads\/2024\/03\/Melodie-de-la-Competition-Photo-prise-par-Alicia-YEDALYAN2nde-Armenie-scaled.jpg 1500w\" data-sizes=\"auto\" data-orig-sizes=\"(min-width: 2200px) 100vw, (min-width: 794px) 395px, (min-width: 717px) 593px, (min-width: 640px) 717px, \" \/><\/a><\/div><\/div><div style=\"padding:7px;\" class=\"fusion-grid-column fusion-gallery-column fusion-gallery-column-3 hover-type-none\"><div class=\"fusion-gallery-image\"><a href=\"https:\/\/aefe-zeco.net\/wp-content\/uploads\/2024\/03\/Comme-deux-gouttes-dhaut-Munich.jpg\" rel=\"noreferrer\" data-rel=\"iLightbox[gallery_image_1]\" class=\"fusion-lightbox\" target=\"_self\"><img decoding=\"async\" src=\"https:\/\/aefe-zeco.net\/wp-content\/uploads\/2024\/03\/Comme-deux-gouttes-dhaut-Munich.jpg\" data-orig-src=\"https:\/\/aefe-zeco.net\/wp-content\/uploads\/2024\/03\/Comme-deux-gouttes-dhaut-Munich.jpg\" width=\"1698\" height=\"1274\" alt=\"\" title=\"Wie zwei Tropfen auf den hei\u00dfen Stein - M\u00fcnchen\" aria-label=\"Wie zwei Tropfen auf den hei\u00dfen Stein - M\u00fcnchen\" class=\"lazyload img-responsive wp-image-2363\" srcset=\"data:image\/svg+xml,%3Csvg%20xmlns%3D%27http%3A%2F%2Fwww.w3.org%2F2000%2Fsvg%27%20width%3D%271698%27%20height%3D%271274%27%20viewBox%3D%270%200%201698%201274%27%3E%3Crect%20width%3D%271698%27%20height%3D%271274%27%20fill-opacity%3D%220%22%2F%3E%3C%2Fsvg%3E\" data-srcset=\"https:\/\/aefe-zeco.net\/wp-content\/uploads\/2024\/03\/Comme-deux-gouttes-dhaut-Munich-200x150.jpg 200w, https:\/\/aefe-zeco.net\/wp-content\/uploads\/2024\/03\/Comme-deux-gouttes-dhaut-Munich-400x300.jpg 400w, https:\/\/aefe-zeco.net\/wp-content\/uploads\/2024\/03\/Comme-deux-gouttes-dhaut-Munich-600x450.jpg 600w, https:\/\/aefe-zeco.net\/wp-content\/uploads\/2024\/03\/Comme-deux-gouttes-dhaut-Munich-800x600.jpg 800w, https:\/\/aefe-zeco.net\/wp-content\/uploads\/2024\/03\/Comme-deux-gouttes-dhaut-Munich-1200x900.jpg 1200w, https:\/\/aefe-zeco.net\/wp-content\/uploads\/2024\/03\/Comme-deux-gouttes-dhaut-Munich.jpg 1698w\" data-sizes=\"auto\" data-orig-sizes=\"(min-width: 2200px) 100vw, (min-width: 794px) 395px, (min-width: 717px) 593px, (min-width: 640px) 717px, \" \/><\/a><\/div><\/div><div class=\"clearfix\"><\/div><div style=\"padding:7px;\" class=\"fusion-grid-column fusion-gallery-column fusion-gallery-column-3 hover-type-none\"><div class=\"fusion-gallery-image\"><a href=\"https:\/\/aefe-zeco.net\/wp-content\/uploads\/2024\/03\/Rencontre-LFA-Freibourg-scaled.jpg\" rel=\"noreferrer\" data-rel=\"iLightbox[gallery_image_1]\" class=\"fusion-lightbox\" target=\"_self\"><img decoding=\"async\" src=\"https:\/\/aefe-zeco.net\/wp-content\/uploads\/2024\/03\/Rencontre-LFA-Freibourg-scaled.jpg\" data-orig-src=\"https:\/\/aefe-zeco.net\/wp-content\/uploads\/2024\/03\/Rencontre-LFA-Freibourg-scaled.jpg\" width=\"2000\" height=\"1625\" alt=\"\" title=\"Begegnung - DFG Freiburg\" aria-label=\"Begegnung - DFG Freiburg\" class=\"lazyload img-responsive wp-image-2357\" srcset=\"data:image\/svg+xml,%3Csvg%20xmlns%3D%27http%3A%2F%2Fwww.w3.org%2F2000%2Fsvg%27%20width%3D%272000%27%20height%3D%271625%27%20viewBox%3D%270%200%202000%201625%27%3E%3Crect%20width%3D%272000%27%20height%3D%271625%27%20fill-opacity%3D%220%22%2F%3E%3C%2Fsvg%3E\" data-srcset=\"https:\/\/aefe-zeco.net\/wp-content\/uploads\/2024\/03\/Rencontre-LFA-Freibourg-200x163.jpg 200w, https:\/\/aefe-zeco.net\/wp-content\/uploads\/2024\/03\/Rencontre-LFA-Freibourg-400x325.jpg 400w, https:\/\/aefe-zeco.net\/wp-content\/uploads\/2024\/03\/Rencontre-LFA-Freibourg-600x488.jpg 600w, https:\/\/aefe-zeco.net\/wp-content\/uploads\/2024\/03\/Rencontre-LFA-Freibourg-800x650.jpg 800w, https:\/\/aefe-zeco.net\/wp-content\/uploads\/2024\/03\/Rencontre-LFA-Freibourg-1200x975.jpg 1200w, https:\/\/aefe-zeco.net\/wp-content\/uploads\/2024\/03\/Rencontre-LFA-Freibourg-scaled.jpg 2000w\" data-sizes=\"auto\" data-orig-sizes=\"(min-width: 2200px) 100vw, (min-width: 794px) 395px, (min-width: 717px) 593px, (min-width: 640px) 717px, \" \/><\/a><\/div><\/div><div style=\"padding:7px;\" class=\"fusion-grid-column fusion-gallery-column fusion-gallery-column-3 hover-type-none\"><div class=\"fusion-gallery-image\"><a href=\"https:\/\/aefe-zeco.net\/wp-content\/uploads\/2024\/03\/Miracle-Vilnius.jpg\" rel=\"noreferrer\" data-rel=\"iLightbox[gallery_image_1]\" class=\"fusion-lightbox\" target=\"_self\"><img decoding=\"async\" src=\"https:\/\/aefe-zeco.net\/wp-content\/uploads\/2024\/03\/Miracle-Vilnius.jpg\" data-orig-src=\"https:\/\/aefe-zeco.net\/wp-content\/uploads\/2024\/03\/Miracle-Vilnius.jpg\" width=\"1200\" height=\"1600\" alt=\"\" title=\"Wunder - Vilnius\" aria-label=\"Wunder - Vilnius\" class=\"lazyload img-responsive wp-image-2365\" srcset=\"data:image\/svg+xml,%3Csvg%20xmlns%3D%27http%3A%2F%2Fwww.w3.org%2F2000%2Fsvg%27%20width%3D%271200%27%20height%3D%271600%27%20viewBox%3D%270%200%201200%201600%27%3E%3Crect%20width%3D%271200%27%20height%3D%271600%27%20fill-opacity%3D%220%22%2F%3E%3C%2Fsvg%3E\" data-srcset=\"https:\/\/aefe-zeco.net\/wp-content\/uploads\/2024\/03\/Miracle-Vilnius-200x267.jpg 200w, https:\/\/aefe-zeco.net\/wp-content\/uploads\/2024\/03\/Miracle-Vilnius-400x533.jpg 400w, https:\/\/aefe-zeco.net\/wp-content\/uploads\/2024\/03\/Miracle-Vilnius-600x800.jpg 600w, https:\/\/aefe-zeco.net\/wp-content\/uploads\/2024\/03\/Miracle-Vilnius-800x1067.jpg 800w, https:\/\/aefe-zeco.net\/wp-content\/uploads\/2024\/03\/Miracle-Vilnius.jpg 1200w\" data-sizes=\"auto\" data-orig-sizes=\"(min-width: 2200px) 100vw, (min-width: 794px) 395px, (min-width: 717px) 593px, (min-width: 640px) 717px, \" \/><\/a><\/div><\/div><div style=\"padding:7px;\" class=\"fusion-grid-column fusion-gallery-column fusion-gallery-column-3 hover-type-none\"><div class=\"fusion-gallery-image\"><a href=\"https:\/\/aefe-zeco.net\/wp-content\/uploads\/2024\/03\/LAttente-Photo-prise-par-Natalya-MARTIROSYAN-2nde-Armenie-scaled.jpg\" rel=\"noreferrer\" data-rel=\"iLightbox[gallery_image_1]\" class=\"fusion-lightbox\" target=\"_self\"><img decoding=\"async\" src=\"https:\/\/aefe-zeco.net\/wp-content\/uploads\/2024\/03\/LAttente-Photo-prise-par-Natalya-MARTIROSYAN-2nde-Armenie-scaled.jpg\" data-orig-src=\"https:\/\/aefe-zeco.net\/wp-content\/uploads\/2024\/03\/LAttente-Photo-prise-par-Natalya-MARTIROSYAN-2nde-Armenie-scaled.jpg\" width=\"1500\" height=\"2000\" alt=\"\" title=\"L&#039;Attente - Foto von Natalya MARTIROSYAN (2. Klasse) - Armenien\" aria-label=\"L&#039;Attente - Foto von Natalya MARTIROSYAN (2. Klasse) - Armenien\" class=\"lazyload img-responsive wp-image-2364\" srcset=\"data:image\/svg+xml,%3Csvg%20xmlns%3D%27http%3A%2F%2Fwww.w3.org%2F2000%2Fsvg%27%20width%3D%271500%27%20height%3D%272000%27%20viewBox%3D%270%200%201500%202000%27%3E%3Crect%20width%3D%271500%27%20height%3D%272000%27%20fill-opacity%3D%220%22%2F%3E%3C%2Fsvg%3E\" data-srcset=\"https:\/\/aefe-zeco.net\/wp-content\/uploads\/2024\/03\/LAttente-Photo-prise-par-Natalya-MARTIROSYAN-2nde-Armenie-200x267.jpg 200w, https:\/\/aefe-zeco.net\/wp-content\/uploads\/2024\/03\/LAttente-Photo-prise-par-Natalya-MARTIROSYAN-2nde-Armenie-400x533.jpg 400w, https:\/\/aefe-zeco.net\/wp-content\/uploads\/2024\/03\/LAttente-Photo-prise-par-Natalya-MARTIROSYAN-2nde-Armenie-600x800.jpg 600w, https:\/\/aefe-zeco.net\/wp-content\/uploads\/2024\/03\/LAttente-Photo-prise-par-Natalya-MARTIROSYAN-2nde-Armenie-800x1067.jpg 800w, https:\/\/aefe-zeco.net\/wp-content\/uploads\/2024\/03\/LAttente-Photo-prise-par-Natalya-MARTIROSYAN-2nde-Armenie-1200x1600.jpg 1200w, https:\/\/aefe-zeco.net\/wp-content\/uploads\/2024\/03\/LAttente-Photo-prise-par-Natalya-MARTIROSYAN-2nde-Armenie-scaled.jpg 1500w\" data-sizes=\"auto\" data-orig-sizes=\"(min-width: 2200px) 100vw, (min-width: 794px) 395px, (min-width: 717px) 593px, (min-width: 640px) 717px, \" \/><\/a><\/div><\/div><div class=\"clearfix\"><\/div><\/div><\/div><\/div><\/div><\/div><\/div><\/p>","protected":false},"excerpt":{"rendered":"","protected":false},"author":1,"featured_media":0,"parent":0,"menu_order":42,"comment_status":"closed","ping_status":"closed","template":"","meta":{"footnotes":""},"class_list":["post-1507","page","type-page","status-publish","hentry"],"_links":{"self":[{"href":"https:\/\/aefe-zeco.net\/de\/wp-json\/wp\/v2\/pages\/1507","targetHints":{"allow":["GET"]}}],"collection":[{"href":"https:\/\/aefe-zeco.net\/de\/wp-json\/wp\/v2\/pages"}],"about":[{"href":"https:\/\/aefe-zeco.net\/de\/wp-json\/wp\/v2\/types\/page"}],"author":[{"embeddable":true,"href":"https:\/\/aefe-zeco.net\/de\/wp-json\/wp\/v2\/users\/1"}],"replies":[{"embeddable":true,"href":"https:\/\/aefe-zeco.net\/de\/wp-json\/wp\/v2\/comments?post=1507"}],"version-history":[{"count":20,"href":"https:\/\/aefe-zeco.net\/de\/wp-json\/wp\/v2\/pages\/1507\/revisions"}],"predecessor-version":[{"id":3088,"href":"https:\/\/aefe-zeco.net\/de\/wp-json\/wp\/v2\/pages\/1507\/revisions\/3088"}],"wp:attachment":[{"href":"https:\/\/aefe-zeco.net\/de\/wp-json\/wp\/v2\/media?parent=1507"}],"curies":[{"name":"wp","href":"https:\/\/api.w.org\/{rel}","templated":true}]}}